{"id":1273,"date":"2023-02-18T15:28:37","date_gmt":"2023-02-18T14:28:37","guid":{"rendered":"http:\/\/lademeuredothe.family\/?page_id=1273"},"modified":"2025-03-12T18:02:24","modified_gmt":"2025-03-12T17:02:24","slug":"la-salle-de-reception","status":"publish","type":"page","link":"https:\/\/lademeuredothe.family\/index.php\/pour-vos-evenements\/la-salle-de-reception\/","title":{"rendered":"La salle de r\u00e9ception"},"content":{"rendered":"\n<p>Situ\u00e9 dans un petit village entre campagne et for\u00eat, entre Auxerre et Troyes (Est-Ouest), entre Sens et Tonnerre (Nord &#8211; Sud), La Demeure d&rsquo;Othe est id\u00e9alement plac\u00e9 pour accueillir vos \u00e9v\u00e8nements. <\/p>\n\n\n\n<p>En effet La Demeure d\u2019Othe poss\u00e8de une salle de 70 m\u00e8tres carr\u00e9s et de 5 m\u00e8tres sous plafond, ind\u00e9pendante de la maison, capable d&rsquo;accueillir jusque 32 personnes assisses (ou 50 \u00e0 70 personnes debout) tout en conservant un espace de danse, un bar, un frigo.<\/p>\n\n\n\n<p>Que ce soit en U, en double, en longueur, en carr\u00e9(s) nos tables en bois massif, \u00ab\u00a0faite maison\u00a0\u00bb \u00e0 partir des vieux volets, vous permettront d&rsquo;organiser votre \u00e9v\u00e8nement comme bon vous semble.<\/p>\n\n\n\n<div class=\"wp-block-columns is-layout-flex wp-container-core-columns-is-layout-9d6595d7 wp-block-columns-is-layout-flex\">\n<div class=\"wp-block-column is-layout-flow wp-block-column-is-layout-flow\">\n<figure class=\"wp-block-image size-large is-style-default\"><img loading=\"lazy\" decoding=\"async\" width=\"1024\" height=\"768\" src=\"https:\/\/lademeuredothe.family\/wp-content\/uploads\/2025\/03\/250303-1-table-en-longueur-20-pers-de-3-quart-1024x768.jpg\" alt=\"Doubles tables en longueur pour jusque 20 personnes\" class=\"wp-image-2852\" srcset=\"https:\/\/lademeuredothe.family\/wp-content\/uploads\/2025\/03\/250303-1-table-en-longueur-20-pers-de-3-quart-1024x768.jpg 1024w, https:\/\/lademeuredothe.family\/wp-content\/uploads\/2025\/03\/250303-1-table-en-longueur-20-pers-de-3-quart-300x225.jpg 300w, https:\/\/lademeuredothe.family\/wp-content\/uploads\/2025\/03\/250303-1-table-en-longueur-20-pers-de-3-quart-768x576.jpg 768w, https:\/\/lademeuredothe.family\/wp-content\/uploads\/2025\/03\/250303-1-table-en-longueur-20-pers-de-3-quart-1536x1152.jpg 1536w, https:\/\/lademeuredothe.family\/wp-content\/uploads\/2025\/03\/250303-1-table-en-longueur-20-pers-de-3-quart-892x669.jpg 892w, https:\/\/lademeuredothe.family\/wp-content\/uploads\/2025\/03\/250303-1-table-en-longueur-20-pers-de-3-quart.jpg 2000w\" sizes=\"auto, (max-width: 1024px) 100vw, 1024px\" \/><\/figure>\n<\/div>\n\n\n\n<div class=\"wp-block-column is-layout-flow wp-block-column-is-layout-flow\">\n<figure class=\"wp-block-image size-large\"><img loading=\"lazy\" decoding=\"async\" width=\"1024\" height=\"768\" src=\"https:\/\/lademeuredothe.family\/wp-content\/uploads\/2025\/03\/250303-5-tables-en-U-19-pers-sans-vis-a-vis-de-face-1024x768.jpg\" alt=\"Table en U sans vis \u00e0 vis pour jusque 19 personnes\" class=\"wp-image-2851\" srcset=\"https:\/\/lademeuredothe.family\/wp-content\/uploads\/2025\/03\/250303-5-tables-en-U-19-pers-sans-vis-a-vis-de-face-1024x768.jpg 1024w, https:\/\/lademeuredothe.family\/wp-content\/uploads\/2025\/03\/250303-5-tables-en-U-19-pers-sans-vis-a-vis-de-face-300x225.jpg 300w, https:\/\/lademeuredothe.family\/wp-content\/uploads\/2025\/03\/250303-5-tables-en-U-19-pers-sans-vis-a-vis-de-face-768x576.jpg 768w, https:\/\/lademeuredothe.family\/wp-content\/uploads\/2025\/03\/250303-5-tables-en-U-19-pers-sans-vis-a-vis-de-face-1536x1152.jpg 1536w, https:\/\/lademeuredothe.family\/wp-content\/uploads\/2025\/03\/250303-5-tables-en-U-19-pers-sans-vis-a-vis-de-face-892x669.jpg 892w, https:\/\/lademeuredothe.family\/wp-content\/uploads\/2025\/03\/250303-5-tables-en-U-19-pers-sans-vis-a-vis-de-face.jpg 2000w\" sizes=\"auto, (max-width: 1024px) 100vw, 1024px\" \/><\/figure>\n<\/div>\n<\/div>\n\n\n\n<div class=\"wp-block-columns is-layout-flex wp-container-core-columns-is-layout-9d6595d7 wp-block-columns-is-layout-flex\">\n<div class=\"wp-block-column is-layout-flow wp-block-column-is-layout-flow\">\n<figure class=\"wp-block-image size-large\"><img loading=\"lazy\" decoding=\"async\" width=\"1024\" height=\"768\" src=\"https:\/\/lademeuredothe.family\/wp-content\/uploads\/2025\/03\/250303-5-tables-avec-vis-a-vis-en-U-29-pers-de-3-quart-1024x768.jpg\" alt=\"Table en U avec vis \u00e0 vis jusque 32 personnes\" class=\"wp-image-2850\" srcset=\"https:\/\/lademeuredothe.family\/wp-content\/uploads\/2025\/03\/250303-5-tables-avec-vis-a-vis-en-U-29-pers-de-3-quart-1024x768.jpg 1024w, https:\/\/lademeuredothe.family\/wp-content\/uploads\/2025\/03\/250303-5-tables-avec-vis-a-vis-en-U-29-pers-de-3-quart-300x225.jpg 300w, https:\/\/lademeuredothe.family\/wp-content\/uploads\/2025\/03\/250303-5-tables-avec-vis-a-vis-en-U-29-pers-de-3-quart-768x576.jpg 768w, https:\/\/lademeuredothe.family\/wp-content\/uploads\/2025\/03\/250303-5-tables-avec-vis-a-vis-en-U-29-pers-de-3-quart-1536x1152.jpg 1536w, https:\/\/lademeuredothe.family\/wp-content\/uploads\/2025\/03\/250303-5-tables-avec-vis-a-vis-en-U-29-pers-de-3-quart-892x669.jpg 892w, https:\/\/lademeuredothe.family\/wp-content\/uploads\/2025\/03\/250303-5-tables-avec-vis-a-vis-en-U-29-pers-de-3-quart.jpg 2000w\" sizes=\"auto, (max-width: 1024px) 100vw, 1024px\" \/><\/figure>\n<\/div>\n\n\n\n<div class=\"wp-block-column is-layout-flow wp-block-column-is-layout-flow\">\n<figure class=\"wp-block-image size-large\"><img loading=\"lazy\" decoding=\"async\" width=\"1024\" height=\"768\" src=\"https:\/\/lademeuredothe.family\/wp-content\/uploads\/2025\/03\/250303-2-tables-carres-26-pers-de-3-quart-1024x768.jpg\" alt=\"Deux tables carr\u00e9s  (tables en doubles) pour jusque 26 personnes\" class=\"wp-image-2849\" srcset=\"https:\/\/lademeuredothe.family\/wp-content\/uploads\/2025\/03\/250303-2-tables-carres-26-pers-de-3-quart-1024x768.jpg 1024w, https:\/\/lademeuredothe.family\/wp-content\/uploads\/2025\/03\/250303-2-tables-carres-26-pers-de-3-quart-300x225.jpg 300w, https:\/\/lademeuredothe.family\/wp-content\/uploads\/2025\/03\/250303-2-tables-carres-26-pers-de-3-quart-768x576.jpg 768w, https:\/\/lademeuredothe.family\/wp-content\/uploads\/2025\/03\/250303-2-tables-carres-26-pers-de-3-quart-1536x1152.jpg 1536w, https:\/\/lademeuredothe.family\/wp-content\/uploads\/2025\/03\/250303-2-tables-carres-26-pers-de-3-quart-892x669.jpg 892w, https:\/\/lademeuredothe.family\/wp-content\/uploads\/2025\/03\/250303-2-tables-carres-26-pers-de-3-quart.jpg 2000w\" sizes=\"auto, (max-width: 1024px) 100vw, 1024px\" \/><\/figure>\n<\/div>\n<\/div>\n\n\n\n<p><\/p>\n\n\n\n<div class=\"wp-block-columns is-layout-flex wp-container-core-columns-is-layout-9d6595d7 wp-block-columns-is-layout-flex\">\n<div class=\"wp-block-column is-layout-flow wp-block-column-is-layout-flow\">\n<figure class=\"wp-block-image size-large\"><img loading=\"lazy\" decoding=\"async\" width=\"1024\" height=\"1024\" src=\"https:\/\/lademeuredothe.family\/wp-content\/uploads\/2025\/03\/250209-CS-Porte-entree-de-linterieur-1024x1024.jpg\" alt=\"\" class=\"wp-image-2859\" srcset=\"https:\/\/lademeuredothe.family\/wp-content\/uploads\/2025\/03\/250209-CS-Porte-entree-de-linterieur-1024x1024.jpg 1024w, https:\/\/lademeuredothe.family\/wp-content\/uploads\/2025\/03\/250209-CS-Porte-entree-de-linterieur-300x300.jpg 300w, https:\/\/lademeuredothe.family\/wp-content\/uploads\/2025\/03\/250209-CS-Porte-entree-de-linterieur-150x150.jpg 150w, https:\/\/lademeuredothe.family\/wp-content\/uploads\/2025\/03\/250209-CS-Porte-entree-de-linterieur-768x768.jpg 768w, https:\/\/lademeuredothe.family\/wp-content\/uploads\/2025\/03\/250209-CS-Porte-entree-de-linterieur-1536x1536.jpg 1536w, https:\/\/lademeuredothe.family\/wp-content\/uploads\/2025\/03\/250209-CS-Porte-entree-de-linterieur-892x892.jpg 892w, https:\/\/lademeuredothe.family\/wp-content\/uploads\/2025\/03\/250209-CS-Porte-entree-de-linterieur.jpg 2048w\" sizes=\"auto, (max-width: 1024px) 100vw, 1024px\" \/><\/figure>\n<\/div>\n\n\n\n<div class=\"wp-block-column is-layout-flow wp-block-column-is-layout-flow\">\n<figure class=\"wp-block-image size-large\"><img loading=\"lazy\" decoding=\"async\" width=\"768\" height=\"1024\" src=\"https:\/\/lademeuredothe.family\/wp-content\/uploads\/2025\/03\/250209-Nouveau-point-lumineux-768x1024.jpg\" alt=\"\" class=\"wp-image-2860\" srcset=\"https:\/\/lademeuredothe.family\/wp-content\/uploads\/2025\/03\/250209-Nouveau-point-lumineux-768x1024.jpg 768w, https:\/\/lademeuredothe.family\/wp-content\/uploads\/2025\/03\/250209-Nouveau-point-lumineux-225x300.jpg 225w, https:\/\/lademeuredothe.family\/wp-content\/uploads\/2025\/03\/250209-Nouveau-point-lumineux-1152x1536.jpg 1152w, https:\/\/lademeuredothe.family\/wp-content\/uploads\/2025\/03\/250209-Nouveau-point-lumineux-1536x2048.jpg 1536w, https:\/\/lademeuredothe.family\/wp-content\/uploads\/2025\/03\/250209-Nouveau-point-lumineux-892x1189.jpg 892w, https:\/\/lademeuredothe.family\/wp-content\/uploads\/2025\/03\/250209-Nouveau-point-lumineux-scaled.jpg 1920w\" sizes=\"auto, (max-width: 768px) 100vw, 768px\" \/><\/figure>\n<\/div>\n\n\n\n<div class=\"wp-block-column is-layout-flow wp-block-column-is-layout-flow\">\n<figure class=\"wp-block-image size-large\"><img loading=\"lazy\" decoding=\"async\" width=\"768\" height=\"1024\" src=\"https:\/\/lademeuredothe.family\/wp-content\/uploads\/2025\/03\/250303-Coin-cosy-768x1024.jpg\" alt=\"\" class=\"wp-image-2861\" srcset=\"https:\/\/lademeuredothe.family\/wp-content\/uploads\/2025\/03\/250303-Coin-cosy-768x1024.jpg 768w, https:\/\/lademeuredothe.family\/wp-content\/uploads\/2025\/03\/250303-Coin-cosy-225x300.jpg 225w, https:\/\/lademeuredothe.family\/wp-content\/uploads\/2025\/03\/250303-Coin-cosy-1152x1536.jpg 1152w, https:\/\/lademeuredothe.family\/wp-content\/uploads\/2025\/03\/250303-Coin-cosy-892x1189.jpg 892w, https:\/\/lademeuredothe.family\/wp-content\/uploads\/2025\/03\/250303-Coin-cosy.jpg 1500w\" sizes=\"auto, (max-width: 768px) 100vw, 768px\" \/><\/figure>\n<\/div>\n<\/div>\n\n\n\n<div class=\"wp-block-columns is-layout-flex wp-container-core-columns-is-layout-9d6595d7 wp-block-columns-is-layout-flex\">\n<div class=\"wp-block-column is-layout-flow wp-block-column-is-layout-flow\">\n<figure class=\"wp-block-image size-large\"><img loading=\"lazy\" decoding=\"async\" width=\"1024\" height=\"473\" src=\"https:\/\/lademeuredothe.family\/wp-content\/uploads\/2025\/03\/240527-2-Volets-en-1-Table-1m90-sur-1m-de-face-1024x473.jpg\" alt=\"\" class=\"wp-image-2864\" srcset=\"https:\/\/lademeuredothe.family\/wp-content\/uploads\/2025\/03\/240527-2-Volets-en-1-Table-1m90-sur-1m-de-face-1024x473.jpg 1024w, https:\/\/lademeuredothe.family\/wp-content\/uploads\/2025\/03\/240527-2-Volets-en-1-Table-1m90-sur-1m-de-face-300x139.jpg 300w, https:\/\/lademeuredothe.family\/wp-content\/uploads\/2025\/03\/240527-2-Volets-en-1-Table-1m90-sur-1m-de-face-768x355.jpg 768w, https:\/\/lademeuredothe.family\/wp-content\/uploads\/2025\/03\/240527-2-Volets-en-1-Table-1m90-sur-1m-de-face-1536x710.jpg 1536w, https:\/\/lademeuredothe.family\/wp-content\/uploads\/2025\/03\/240527-2-Volets-en-1-Table-1m90-sur-1m-de-face-892x412.jpg 892w, https:\/\/lademeuredothe.family\/wp-content\/uploads\/2025\/03\/240527-2-Volets-en-1-Table-1m90-sur-1m-de-face.jpg 2000w\" sizes=\"auto, (max-width: 1024px) 100vw, 1024px\" \/><\/figure>\n<\/div>\n\n\n\n<div class=\"wp-block-column is-layout-flow wp-block-column-is-layout-flow\">\n<figure class=\"wp-block-image size-large\"><img loading=\"lazy\" decoding=\"async\" width=\"768\" height=\"1024\" src=\"https:\/\/lademeuredothe.family\/wp-content\/uploads\/2025\/03\/250303-Ecran-de-3-quart-avec-table-en-1er-plan-768x1024.jpg\" alt=\"\" class=\"wp-image-2858\" srcset=\"https:\/\/lademeuredothe.family\/wp-content\/uploads\/2025\/03\/250303-Ecran-de-3-quart-avec-table-en-1er-plan-768x1024.jpg 768w, https:\/\/lademeuredothe.family\/wp-content\/uploads\/2025\/03\/250303-Ecran-de-3-quart-avec-table-en-1er-plan-225x300.jpg 225w, https:\/\/lademeuredothe.family\/wp-content\/uploads\/2025\/03\/250303-Ecran-de-3-quart-avec-table-en-1er-plan-1152x1536.jpg 1152w, https:\/\/lademeuredothe.family\/wp-content\/uploads\/2025\/03\/250303-Ecran-de-3-quart-avec-table-en-1er-plan-892x1189.jpg 892w, https:\/\/lademeuredothe.family\/wp-content\/uploads\/2025\/03\/250303-Ecran-de-3-quart-avec-table-en-1er-plan.jpg 1500w\" sizes=\"auto, (max-width: 768px) 100vw, 768px\" \/><\/figure>\n<\/div>\n\n\n\n<div class=\"wp-block-column is-layout-flow wp-block-column-is-layout-flow\">\n<figure class=\"wp-block-image size-large\"><img loading=\"lazy\" decoding=\"async\" width=\"1024\" height=\"473\" src=\"https:\/\/lademeuredothe.family\/wp-content\/uploads\/2025\/03\/240527-1-Volet-pour-1-Table-2m70-sur-1m-de-face-1024x473.jpg\" alt=\"\" class=\"wp-image-2865\" srcset=\"https:\/\/lademeuredothe.family\/wp-content\/uploads\/2025\/03\/240527-1-Volet-pour-1-Table-2m70-sur-1m-de-face-1024x473.jpg 1024w, https:\/\/lademeuredothe.family\/wp-content\/uploads\/2025\/03\/240527-1-Volet-pour-1-Table-2m70-sur-1m-de-face-300x139.jpg 300w, https:\/\/lademeuredothe.family\/wp-content\/uploads\/2025\/03\/240527-1-Volet-pour-1-Table-2m70-sur-1m-de-face-768x355.jpg 768w, https:\/\/lademeuredothe.family\/wp-content\/uploads\/2025\/03\/240527-1-Volet-pour-1-Table-2m70-sur-1m-de-face-1536x710.jpg 1536w, https:\/\/lademeuredothe.family\/wp-content\/uploads\/2025\/03\/240527-1-Volet-pour-1-Table-2m70-sur-1m-de-face-892x412.jpg 892w, https:\/\/lademeuredothe.family\/wp-content\/uploads\/2025\/03\/240527-1-Volet-pour-1-Table-2m70-sur-1m-de-face.jpg 2000w\" sizes=\"auto, (max-width: 1024px) 100vw, 1024px\" \/><\/figure>\n<\/div>\n<\/div>\n\n\n\n<p>Avec ses poutres apparentes, son parquet en bois, ses nombreux points lumineux \u00e0 m\u00eame de cr\u00e9er des ambiances adapt\u00e9es au moment, son coin \u00ab\u00a0cosy\u00a0\u00bb, son bar, son petit frigo, son \u00e9cran, son Wifi 6, notre salle de r\u00e9ception sera \u00e0 m\u00eame de r\u00e9pondre \u00e0 vos attentes. C&rsquo;est poruquoi nous avons d\u00e9cid\u00e9 de vous la proposer pour vos \u00e9v\u00e8nements :<\/p>\n\n\n\n<ul class=\"wp-block-list\">\n<li>Les<strong> vendredi et samedi<\/strong> la salle de r\u00e9ception et les chambres de La Demeure d\u2019Othe vous permettront de vivre un moment festif en famille, entre amis dans un cadre familial au vert.<\/li>\n\n\n\n<li>En <strong>semaine (du lundi au vendredi matin)<\/strong> vous pourrez profiter de notre salle de r\u00e9ception sur une demi-journ\u00e9e, une journ\u00e9e, une soir\u00e9e pour d\u00e9velopper votre activit\u00e9 professionnelle au vert.<\/li>\n\n\n\n<li>En <strong>semaine (du lundi au jeudi)<\/strong> la salle de r\u00e9ception et les chambres vous permettront d&rsquo;organiser un \u00e9v\u00e8nement sur au moins deux jours dans un cadre chaleureux, au calme.<\/li>\n<\/ul>\n\n\n\n<p>Ci-dessous quelques photos de l&rsquo;ext\u00e9rieur de la salle :<\/p>\n\n\n\n<div class=\"wp-block-columns is-layout-flex wp-container-core-columns-is-layout-9d6595d7 wp-block-columns-is-layout-flex\">\n<div class=\"wp-block-column is-layout-flow wp-block-column-is-layout-flow\">\n<figure class=\"wp-block-image size-large\"><img loading=\"lazy\" decoding=\"async\" width=\"1024\" height=\"768\" src=\"https:\/\/lademeuredothe.family\/wp-content\/uploads\/2023\/01\/P1010157-1024x768.jpg\" alt=\"\" class=\"wp-image-915\" srcset=\"https:\/\/lademeuredothe.family\/wp-content\/uploads\/2023\/01\/P1010157-1024x768.jpg 1024w, https:\/\/lademeuredothe.family\/wp-content\/uploads\/2023\/01\/P1010157-300x225.jpg 300w, https:\/\/lademeuredothe.family\/wp-content\/uploads\/2023\/01\/P1010157-768x576.jpg 768w, https:\/\/lademeuredothe.family\/wp-content\/uploads\/2023\/01\/P1010157-1536x1152.jpg 1536w, https:\/\/lademeuredothe.family\/wp-content\/uploads\/2023\/01\/P1010157-2048x1536.jpg 2048w, https:\/\/lademeuredothe.family\/wp-content\/uploads\/2023\/01\/P1010157-892x669.jpg 892w\" sizes=\"auto, (max-width: 1024px) 100vw, 1024px\" \/><figcaption class=\"wp-element-caption\">La salle de r\u00e9ception de La Demeure d&rsquo;Othe<\/figcaption><\/figure>\n<\/div>\n\n\n\n<div class=\"wp-block-column is-layout-flow wp-block-column-is-layout-flow\"><div class=\"wp-block-image\">\n<figure class=\"aligncenter size-medium\"><img loading=\"lazy\" decoding=\"async\" width=\"182\" height=\"300\" src=\"https:\/\/lademeuredothe.family\/wp-content\/uploads\/2025\/01\/PHOTO-2023-01-21-12-59-16-e1738077879486-182x300.jpg\" alt=\"\" class=\"wp-image-2587\" srcset=\"https:\/\/lademeuredothe.family\/wp-content\/uploads\/2025\/01\/PHOTO-2023-01-21-12-59-16-e1738077879486-182x300.jpg 182w, https:\/\/lademeuredothe.family\/wp-content\/uploads\/2025\/01\/PHOTO-2023-01-21-12-59-16-e1738077879486-620x1024.jpg 620w, https:\/\/lademeuredothe.family\/wp-content\/uploads\/2025\/01\/PHOTO-2023-01-21-12-59-16-e1738077879486-768x1269.jpg 768w, https:\/\/lademeuredothe.family\/wp-content\/uploads\/2025\/01\/PHOTO-2023-01-21-12-59-16-e1738077879486-929x1536.jpg 929w, https:\/\/lademeuredothe.family\/wp-content\/uploads\/2025\/01\/PHOTO-2023-01-21-12-59-16-e1738077879486-892x1474.jpg 892w, https:\/\/lademeuredothe.family\/wp-content\/uploads\/2025\/01\/PHOTO-2023-01-21-12-59-16-e1738077879486.jpg 968w\" sizes=\"auto, (max-width: 182px) 100vw, 182px\" \/><figcaption class=\"wp-element-caption\">Entr\u00e9e de la salle de r\u00e9ception<\/figcaption><\/figure>\n<\/div><\/div>\n<\/div>\n\n\n\n<div class=\"wp-block-columns is-layout-flex wp-container-core-columns-is-layout-9d6595d7 wp-block-columns-is-layout-flex\">\n<div class=\"wp-block-column is-layout-flow wp-block-column-is-layout-flow\">\n<figure class=\"wp-block-image size-large\"><img loading=\"lazy\" decoding=\"async\" width=\"1024\" height=\"768\" src=\"https:\/\/lademeuredothe.family\/wp-content\/uploads\/2025\/01\/231009-Sous-le-noistier-cour-interieure-IMG_2332-1024x768.jpg\" alt=\"\" class=\"wp-image-2589\" srcset=\"https:\/\/lademeuredothe.family\/wp-content\/uploads\/2025\/01\/231009-Sous-le-noistier-cour-interieure-IMG_2332-1024x768.jpg 1024w, https:\/\/lademeuredothe.family\/wp-content\/uploads\/2025\/01\/231009-Sous-le-noistier-cour-interieure-IMG_2332-300x225.jpg 300w, https:\/\/lademeuredothe.family\/wp-content\/uploads\/2025\/01\/231009-Sous-le-noistier-cour-interieure-IMG_2332-768x576.jpg 768w, https:\/\/lademeuredothe.family\/wp-content\/uploads\/2025\/01\/231009-Sous-le-noistier-cour-interieure-IMG_2332-1536x1152.jpg 1536w, https:\/\/lademeuredothe.family\/wp-content\/uploads\/2025\/01\/231009-Sous-le-noistier-cour-interieure-IMG_2332-2048x1536.jpg 2048w, https:\/\/lademeuredothe.family\/wp-content\/uploads\/2025\/01\/231009-Sous-le-noistier-cour-interieure-IMG_2332-892x669.jpg 892w\" sizes=\"auto, (max-width: 1024px) 100vw, 1024px\" \/><figcaption class=\"wp-element-caption\">Vue depuis la porte de la salle de r\u00e9ception<\/figcaption><\/figure>\n<\/div>\n\n\n\n<div class=\"wp-block-column is-layout-flow wp-block-column-is-layout-flow\">\n<figure class=\"wp-block-image size-large\"><img loading=\"lazy\" decoding=\"async\" width=\"1024\" height=\"768\" src=\"https:\/\/lademeuredothe.family\/wp-content\/uploads\/2025\/01\/Photo-Patrick-mai-2024-1024x768.jpg\" alt=\"\" class=\"wp-image-2590\" srcset=\"https:\/\/lademeuredothe.family\/wp-content\/uploads\/2025\/01\/Photo-Patrick-mai-2024-1024x768.jpg 1024w, https:\/\/lademeuredothe.family\/wp-content\/uploads\/2025\/01\/Photo-Patrick-mai-2024-300x225.jpg 300w, https:\/\/lademeuredothe.family\/wp-content\/uploads\/2025\/01\/Photo-Patrick-mai-2024-768x576.jpg 768w, https:\/\/lademeuredothe.family\/wp-content\/uploads\/2025\/01\/Photo-Patrick-mai-2024-1536x1152.jpg 1536w, https:\/\/lademeuredothe.family\/wp-content\/uploads\/2025\/01\/Photo-Patrick-mai-2024-2048x1536.jpg 2048w, https:\/\/lademeuredothe.family\/wp-content\/uploads\/2025\/01\/Photo-Patrick-mai-2024-892x669.jpg 892w\" sizes=\"auto, (max-width: 1024px) 100vw, 1024px\" \/><figcaption class=\"wp-element-caption\">Vue sur la terrasse \u00e0 l&rsquo;arri\u00e8re de la salle de r\u00e9ception<\/figcaption><\/figure>\n<\/div>\n<\/div>\n\n\n\n<p><\/p>\n\n\n\n<p>Que ces \u00e9v\u00e8nements soient <a href=\"https:\/\/lademeuredothe.family\/index.php\/pour-vos-evenements\/pourquoi-louer-notre-salle-de-reception\/\" data-type=\"page\" data-id=\"938\" target=\"_blank\" rel=\"noreferrer noopener\">festifs pour se retrouver apr\u00e8s un d\u00eener sur la piste de danse<\/a>, ou encore <a href=\"https:\/\/lademeuredothe.family\/index.php\/pour-vos-evenements\/pourquoi-votre-entreprise-louerait-notre-salle-de-reception\/\" data-type=\"page\" data-id=\"2610\" target=\"_blank\" rel=\"noreferrer noopener\">professionnels pour le lancement de votre nouveau produit, ou pour votre r\u00e9union de direction<\/a>, la salle de r\u00e9ception La Demeure d&rsquo;Othe peut \u00eatre r\u00e9serv\u00e9e sur diff\u00e9rents modes avec ou sans les chambres, en demi-journ\u00e9e ou journ\u00e9e. Pour plus d&rsquo;information n&rsquo;h\u00e9sitez pas \u00e0 <a href=\"https:\/\/lademeuredothe.family\/index.php\/pour-vos-evenements\/pourquoi-louer-notre-salle-de-reception\/\" data-type=\"page\" data-id=\"938\" target=\"_blank\" rel=\"noreferrer noopener\">r\u00e9server la salle pour votre \u00e9v\u00e8nement,<\/a> ou \u00e0 <a href=\"https:\/\/lademeuredothe.family\/index.php\/pour-vos-evenements\/pourquoi-votre-entreprise-louerait-notre-salle-de-reception\/\" data-type=\"page\" data-id=\"2610\" target=\"_blank\" rel=\"noreferrer noopener\">r\u00e9server pour votre entreprise notre salle.<\/a><\/p>\n","protected":false},"excerpt":{"rendered":"<p>Situ\u00e9 dans un petit village entre campagne et for\u00eat, entre Auxerre et Troyes (Est-Ouest), entre Sens et Tonnerre (Nord &#8211; Sud), La Demeure d&rsquo;Othe est id\u00e9alement plac\u00e9 pour accueillir vos \u00e9v\u00e8nements. En effet La Demeure d\u2019Othe poss\u00e8de une salle de 70 m\u00e8tres carr\u00e9s et de 5 m\u00e8tres sous plafond, ind\u00e9pendante de la maison, capable d&rsquo;accueillir [&hellip;]<\/p>\n","protected":false},"author":1,"featured_media":0,"parent":905,"menu_order":1,"comment_status":"closed","ping_status":"closed","template":"","meta":{"footnotes":""},"class_list":["post-1273","page","type-page","status-publish","hentry"],"_links":{"self":[{"href":"https:\/\/lademeuredothe.family\/index.php\/wp-json\/wp\/v2\/pages\/1273","targetHints":{"allow":["GET"]}}],"collection":[{"href":"https:\/\/lademeuredothe.family\/index.php\/wp-json\/wp\/v2\/pages"}],"about":[{"href":"https:\/\/lademeuredothe.family\/index.php\/wp-json\/wp\/v2\/types\/page"}],"author":[{"embeddable":true,"href":"https:\/\/lademeuredothe.family\/index.php\/wp-json\/wp\/v2\/users\/1"}],"replies":[{"embeddable":true,"href":"https:\/\/lademeuredothe.family\/index.php\/wp-json\/wp\/v2\/comments?post=1273"}],"version-history":[{"count":18,"href":"https:\/\/lademeuredothe.family\/index.php\/wp-json\/wp\/v2\/pages\/1273\/revisions"}],"predecessor-version":[{"id":2866,"href":"https:\/\/lademeuredothe.family\/index.php\/wp-json\/wp\/v2\/pages\/1273\/revisions\/2866"}],"up":[{"embeddable":true,"href":"https:\/\/lademeuredothe.family\/index.php\/wp-json\/wp\/v2\/pages\/905"}],"wp:attachment":[{"href":"https:\/\/lademeuredothe.family\/index.php\/wp-json\/wp\/v2\/media?parent=1273"}],"curies":[{"name":"wp","href":"https:\/\/api.w.org\/{rel}","templated":true}]}}